{"id":664,"date":"2023-11-08T08:58:58","date_gmt":"2023-11-08T08:58:58","guid":{"rendered":"https:\/\/retall.es\/contacte\/"},"modified":"2024-01-24T12:07:31","modified_gmt":"2024-01-24T12:07:31","slug":"contacte","status":"publish","type":"page","link":"https:\/\/retall.es\/ca\/contacte\/","title":{"rendered":"Contacte"},"content":{"rendered":"\n<div class=\"slider-wrapper relative\" id=\"slider-987329409\" >\n    <div class=\"slider slider-nav-circle slider-nav-large slider-nav-light slider-style-normal\"\n        data-flickity-options='{\n            \"cellAlign\": \"center\",\n            \"imagesLoaded\": true,\n            \"lazyLoad\": 1,\n            \"freeScroll\": false,\n            \"wrapAround\": true,\n            \"autoPlay\": 6000,\n            \"pauseAutoPlayOnHover\" : true,\n            \"prevNextButtons\": true,\n            \"contain\" : true,\n            \"adaptiveHeight\" : true,\n            \"dragThreshold\" : 10,\n            \"percentPosition\": true,\n            \"pageDots\": true,\n            \"rightToLeft\": false,\n            \"draggable\": true,\n            \"selectedAttraction\": 0.1,\n            \"parallax\" : 0,\n            \"friction\": 0.6        }'\n        >\n        \n\n\n  <div class=\"banner has-hover has-parallax\" id=\"banner-1742472775\">\n          <div class=\"banner-inner fill\">\n        <div class=\"banner-bg fill\" data-parallax=\"-4\" data-parallax-container=\".banner\" data-parallax-background>\n            <div class=\"bg fill bg-fill \"><\/div>\n                        <div class=\"overlay\"><\/div>            \n                    <\/div>\n\t\t\n        <div class=\"banner-layers container\">\n            <div class=\"fill banner-link\"><\/div>            \n\n   <div id=\"text-box-740313400\" class=\"text-box banner-layer x50 md-x50 lg-x50 y50 md-y50 lg-y50 res-text\">\n                                <div class=\"text-box-content text dark\">\n              \n              <div class=\"text-inner text-center\">\n                  \n\n\t<div id=\"text-183704222\" class=\"text\">\n\t\t\n\n<h1><strong>Contacta amb Retall<\/strong><\/h1>\n <p>El teu laboratori de tall l\u00e0ser a Barcelona. Crear objectes singulars amb precisi\u00f3 i sostenibilitat. Contacta&#8217;ns i farem realitat les teves creacions!<\/p>\n\t\t\n<style>\n#text-183704222 {\n  font-size: 0.75rem;\n}\n@media (min-width:550px) {\n  #text-183704222 {\n    font-size: 1rem;\n  }\n}\n<\/style>\n\t<\/div>\n\t\n\n              <\/div>\n           <\/div>\n                            \n<style>\n#text-box-740313400 {\n  width: 93%;\n}\n#text-box-740313400 .text-box-content {\n  font-size: 100%;\n}\n@media (min-width:550px) {\n  #text-box-740313400 {\n    width: 52%;\n  }\n}\n<\/style>\n    <\/div>\n \n\n        <\/div>\n      <\/div>\n\n            \n<style>\n#banner-1742472775 {\n  padding-top: 346px;\n}\n#banner-1742472775 .bg.bg-loaded {\n  background-image: url(https:\/\/retall.es\/wp-content\/uploads\/2023\/11\/joya-packaging-coleccion-geo-retall-corte-laser-barcelona-plastico-reciclado-4.jpg);\n}\n#banner-1742472775 .overlay {\n  background-color: rgba(0, 0, 0, 0.314);\n}\n#banner-1742472775 .bg {\n  background-position: 42% 39%;\n}\n@media (min-width:550px) {\n  #banner-1742472775 {\n    padding-top: 421px;\n  }\n  #banner-1742472775 .overlay {\n    background-color: rgba(0, 0, 0, 0.43);\n  }\n}\n<\/style>\n  <\/div>\n\n\n\n     <\/div>\n\n     <div class=\"loading-spin dark large centered\"><\/div>\n\n\t<\/div>\n\n\n\t<section class=\"section\" id=\"section_698330925\">\n\t\t<div class=\"bg section-bg fill bg-fill  bg-loaded\" >\n\n\t\t\t\n\t\t\t\n\t\t\t\n\t<div class=\"is-border\"\n\t\tstyle=\"border-color:rgb(235, 235, 235);border-width:1px 0px 0px 0px;\">\n\t<\/div>\n\n\t\t<\/div>\n\n\t\t\n\n\t\t<div class=\"section-content relative\">\n\t\t\t\n\n\t<div id=\"gap-2029269442\" class=\"gap-element clearfix\" style=\"display:block; height:auto;\">\n\t\t\n<style>\n#gap-2029269442 {\n  padding-top: 30px;\n}\n<\/style>\n\t<\/div>\n\t\n\n<div class=\"row\"  id=\"row-1749964667\">\n\n\n\t<div id=\"col-97072178\" class=\"col medium-4 small-12 large-4\"  >\n\t\t\t\t<div class=\"col-inner\"  >\n\t\t\t\n\t\t\t\n\n<h2>Contacta amb Retall<\/h2>\n <h3>El teu soci en tall l\u00e0ser i sostenibilitat<\/h3>\n <p>A Retall, estem a punt per ajudar-te en els teus projectes de tall l\u00e0ser i sostenibilitat. Si vols obtenir m\u00e9s informaci\u00f3, sol\u00b7licitar una cotitzaci\u00f3 o simplement conversar sobre com podem col\u00b7laborar, estem a la teva disposici\u00f3.<\/p>\n <p> <\/p>\n\n\t\t<\/div>\n\t\t\t\t\t<\/div>\n\n\t\n\n\t<div id=\"col-711345074\" class=\"col medium-8 small-12 large-8\"  >\n\t\t\t\t<div class=\"col-inner\"  >\n\t\t\t\n\t\t\t\n\n\n<div class=\"wpcf7 no-js\" id=\"wpcf7-f13-o1\" lang=\"es-ES\" dir=\"ltr\" data-wpcf7-id=\"13\">\n<div class=\"screen-reader-response\"><p role=\"status\" aria-live=\"polite\" aria-atomic=\"true\"><\/p> <ul><\/ul><\/div>\n<form action=\"\/ca\/wp-json\/wp\/v2\/pages\/664#wpcf7-f13-o1\" method=\"post\" class=\"wpcf7-form init\" aria-label=\"Formulario de contacto\" novalidate=\"novalidate\" data-status=\"init\">\n<fieldset class=\"hidden-fields-container\"><input type=\"hidden\" name=\"_wpcf7\" value=\"13\" \/><input type=\"hidden\" name=\"_wpcf7_version\" value=\"6.1.5\" \/><input type=\"hidden\" name=\"_wpcf7_locale\" value=\"es_ES\" \/><input type=\"hidden\" name=\"_wpcf7_unit_tag\" value=\"wpcf7-f13-o1\" \/><input type=\"hidden\" name=\"_wpcf7_container_post\" value=\"0\" \/><input type=\"hidden\" name=\"_wpcf7_posted_data_hash\" value=\"\" \/>\n<\/fieldset>\n<p><label> Nombre<br \/>\n<span class=\"wpcf7-form-control-wrap\" data-name=\"your-name\"><input size=\"40\" maxlength=\"400\" class=\"wpcf7-form-control wpcf7-text wpcf7-validates-as-required\" autocomplete=\"name\" aria-required=\"true\" aria-invalid=\"false\" value=\"\" type=\"text\" name=\"your-name\" \/><\/span> <\/label>\n<\/p>\n<p><label> Email<br \/>\n<span class=\"wpcf7-form-control-wrap\" data-name=\"your-email\"><input size=\"40\" maxlength=\"400\" class=\"wpcf7-form-control wpcf7-email wpcf7-validates-as-required wpcf7-text wpcf7-validates-as-email\" autocomplete=\"email\" aria-required=\"true\" aria-invalid=\"false\" value=\"\" type=\"email\" name=\"your-email\" \/><\/span> <\/label>\n<\/p>\n<p><label> Tel\u00e9fono<br \/>\n<span class=\"wpcf7-form-control-wrap\" data-name=\"tel-384\"><input size=\"40\" maxlength=\"400\" class=\"wpcf7-form-control wpcf7-tel wpcf7-validates-as-required wpcf7-text wpcf7-validates-as-tel\" aria-required=\"true\" aria-invalid=\"false\" value=\"\" type=\"tel\" name=\"tel-384\" \/><\/span> <\/label>\n<\/p>\n<p><label> Asunto<br \/>\n<span class=\"wpcf7-form-control-wrap\" data-name=\"your-subject\"><input size=\"40\" maxlength=\"400\" class=\"wpcf7-form-control wpcf7-text wpcf7-validates-as-required\" aria-required=\"true\" aria-invalid=\"false\" value=\"\" type=\"text\" name=\"your-subject\" \/><\/span> <\/label>\n<\/p>\n<p><label> Mensaje (optional)<br \/>\n<span class=\"wpcf7-form-control-wrap\" data-name=\"your-message\"><textarea cols=\"40\" rows=\"10\" maxlength=\"2000\" class=\"wpcf7-form-control wpcf7-textarea\" aria-invalid=\"false\" name=\"your-message\"><\/textarea><\/span> <\/label>\n<\/p>\n<p><input class=\"wpcf7-form-control wpcf7-submit has-spinner\" type=\"submit\" value=\"Enviar\" \/>\n<\/p><div class=\"wpcf7-response-output\" aria-hidden=\"true\"><\/div>\n<\/form>\n<\/div>\n\n\n\n\t\t<\/div>\n\t\t\t\t\t<\/div>\n\n\t\n\n<\/div>\n\n\t\t<\/div>\n\n\t\t\n<style>\n#section_698330925 {\n  padding-top: 60px;\n  padding-bottom: 60px;\n  min-height: 300px;\n  background-color: rgb(245, 245, 245);\n}\n<\/style>\n\t<\/section>\n\t\n\t<section class=\"section\" id=\"section_1914127818\">\n\t\t<div class=\"bg section-bg fill bg-fill  bg-loaded\" >\n\n\t\t\t\n\t\t\t\n\t\t\t\n\t<div class=\"is-border\"\n\t\tstyle=\"border-color:rgb(235, 235, 235);border-width:1px 0px 0px 0px;\">\n\t<\/div>\n\n\t\t<\/div>\n\n\t\t\n\n\t\t<div class=\"section-content relative\">\n\t\t\t\n\n<div class=\"row\"  id=\"row-1979198867\">\n\n\n\t<div id=\"col-1251331789\" class=\"col medium-4 small-12 large-4\"  >\n\t\t\t\t<div class=\"col-inner\"  >\n\t\t\t\n\t\t\t\n\n<h2 class=\"uppercase\">Dades de contacte<\/h2>\n <p>A Retall, estem a la teva disposici\u00f3. No dubtis a posar-te en contacte amb nosaltres per a qualsevol consulta o sol\u00b7licitud que tinguis. Les nostres dades de contacte us permeten connectar-vos directament amb el nostre equip d&#8217;experts en tall l\u00e0ser i sostenibilitat. Esperem escoltar-te aviat.<\/p>\n\n\t\t<\/div>\n\t\t\t\t\t<\/div>\n\n\t\n\n\t<div id=\"col-1232012862\" class=\"col medium-3 small-12 large-3\"  >\n\t\t\t\t<div class=\"col-inner\"  >\n\t\t\t\n\t\t\t\n\n\n\t\t<div class=\"icon-box featured-box icon-box-left text-left\"  >\n\t\t\t\t\t<div class=\"icon-box-img\" style=\"width: 60px\">\n\t\t\t\t<div class=\"icon\">\n\t\t\t\t\t<div class=\"icon-inner\" >\n\t\t\t\t\t\t<img loading=\"lazy\" decoding=\"async\" width=\"300\" height=\"300\" src=\"https:\/\/retall.es\/wp-content\/uploads\/2023\/11\/001-ring-phone-300x300.png\" class=\"attachment-medium size-medium\" alt=\"\" srcset=\"https:\/\/retall.es\/wp-content\/uploads\/2023\/11\/001-ring-phone-300x300.png 300w, https:\/\/retall.es\/wp-content\/uploads\/2023\/11\/001-ring-phone-150x150.png 150w, https:\/\/retall.es\/wp-content\/uploads\/2023\/11\/001-ring-phone-100x100.png 100w, https:\/\/retall.es\/wp-content\/uploads\/2023\/11\/001-ring-phone.png 512w\" sizes=\"auto, (max-width: 300px) 100vw, 300px\" \/>\t\t\t\t\t<\/div>\n\t\t\t\t<\/div>\n\t\t\t<\/div>\n\t\t\t\t<div class=\"icon-box-text last-reset\">\n\t\t\t\t\t\t\t\t\t\n\n<h3>Tel\u00e8fon<\/h3>\n <p>+34 666 666 666<\/p>\n\n\t\t<\/div>\n\t<\/div>\n\t\n\t\n\t<div id=\"gap-914555765\" class=\"gap-element clearfix\" style=\"display:block; height:auto;\">\n\t\t\n<style>\n#gap-914555765 {\n  padding-top: 30px;\n}\n<\/style>\n\t<\/div>\n\t\n\n\n\t\t<div class=\"icon-box featured-box icon-box-left text-left\"  >\n\t\t\t\t\t<div class=\"icon-box-img\" style=\"width: 60px\">\n\t\t\t\t<div class=\"icon\">\n\t\t\t\t\t<div class=\"icon-inner\" >\n\t\t\t\t\t\t<img loading=\"lazy\" decoding=\"async\" width=\"300\" height=\"300\" src=\"https:\/\/retall.es\/wp-content\/uploads\/2023\/11\/correo-electronico-retall-300x300.png\" class=\"attachment-medium size-medium\" alt=\"\" srcset=\"https:\/\/retall.es\/wp-content\/uploads\/2023\/11\/correo-electronico-retall-300x300.png 300w, https:\/\/retall.es\/wp-content\/uploads\/2023\/11\/correo-electronico-retall-150x150.png 150w, https:\/\/retall.es\/wp-content\/uploads\/2023\/11\/correo-electronico-retall-100x100.png 100w, https:\/\/retall.es\/wp-content\/uploads\/2023\/11\/correo-electronico-retall.png 512w\" sizes=\"auto, (max-width: 300px) 100vw, 300px\" \/>\t\t\t\t\t<\/div>\n\t\t\t\t<\/div>\n\t\t\t<\/div>\n\t\t\t\t<div class=\"icon-box-text last-reset\">\n\t\t\t\t\t\t\t\t\t\n\n<h3>Eamil<\/h3>\n <p>info@retall.es<\/p>\n\n\t\t<\/div>\n\t<\/div>\n\t\n\t\n\n\t\t<\/div>\n\t\t\t\t\t<\/div>\n\n\t\n\n\t<div id=\"col-1316495991\" class=\"col medium-5 small-12 large-5\"  >\n\t\t\t\t<div class=\"col-inner\"  >\n\t\t\t\n\t\t\t\n\n\n\t\t<div class=\"icon-box featured-box icon-box-left text-left\"  >\n\t\t\t\t\t<div class=\"icon-box-img\" style=\"width: 39px\">\n\t\t\t\t<div class=\"icon\">\n\t\t\t\t\t<div class=\"icon-inner\" style=\"color:rgb(0, 0, 0);\">\n\t\t\t\t\t\t<?xml version=\"1.0\" encoding=\"utf-8\"?>\n<!-- Generated by IcoMoon.io -->\n<!DOCTYPE svg PUBLIC \"-\/\/W3C\/\/DTD SVG 1.1\/\/EN\" \"http:\/\/www.w3.org\/Graphics\/SVG\/1.1\/DTD\/svg11.dtd\">\n<svg version=\"1.1\" xmlns=\"http:\/\/www.w3.org\/2000\/svg\" xmlns:xlink=\"http:\/\/www.w3.org\/1999\/xlink\" width=\"16\" height=\"16\" viewBox=\"0 0 16 16\">\n<path fill=\"#000\" d=\"M10.293 11.707l-3.293-3.293v-4.414h2v3.586l2.707 2.707zM8 0c-4.418 0-8 3.582-8 8s3.582 8 8 8 8-3.582 8-8-3.582-8-8-8zM8 14c-3.314 0-6-2.686-6-6s2.686-6 6-6c3.314 0 6 2.686 6 6s-2.686 6-6 6z\"><\/path>\n<\/svg>\n\t\t\t\t\t<\/div>\n\t\t\t\t<\/div>\n\t\t\t<\/div>\n\t\t\t\t<div class=\"icon-box-text last-reset\">\n\t\t\t\t\t\t\t\t\t\n\n<h3>Horari de contacte<\/h3>\n <p>Estem disponibles de dilluns a divendres de 9:00 AM a 6:00 PM per respondre les vostres consultes i atendre les vostres necessitats.<\/p>\n <p> <\/p>\n\n\t\t<\/div>\n\t<\/div>\n\t\n\t\n\t<div id=\"gap-1263128324\" class=\"gap-element clearfix\" style=\"display:block; height:auto;\">\n\t\t\n<style>\n#gap-1263128324 {\n  padding-top: 30px;\n}\n<\/style>\n\t<\/div>\n\t\n\n\n\t\t<\/div>\n\t\t\t\t\t<\/div>\n\n\t\n\n<\/div>\n\n\t\t<\/div>\n\n\t\t\n<style>\n#section_1914127818 {\n  padding-top: 60px;\n  padding-bottom: 60px;\n  min-height: 300px;\n}\n<\/style>\n\t<\/section>\n\t\n\t<section class=\"section\" id=\"section_808835539\">\n\t\t<div class=\"bg section-bg fill bg-fill  bg-loaded\" >\n\n\t\t\t\n\t\t\t<div class=\"section-bg-overlay absolute fill\"><\/div>\n\t\t\t\n\t<div class=\"is-border\"\n\t\tstyle=\"border-color:rgb(235, 235, 235);border-width:1px 0px 0px 0px;\">\n\t<\/div>\n\n\t\t<\/div>\n\n\t\t\n\n\t\t<div class=\"section-content relative\">\n\t\t\t\n\n<div class=\"row row-large align-middle align-center\"  id=\"row-1441378990\">\n\n\n\t<div id=\"col-1101720134\" class=\"col medium-6 small-12 large-6\"  data-animate=\"flipInY\">\n\t\t\t\t<div class=\"col-inner text-left box-shadow-2 box-shadow-5-hover\" style=\"background-color:rgb(255, 255, 255);\" >\n\t\t\t\n\t\t\t\n\n\n\n\n\t\t<\/div>\n\t\t\t\t\t<\/div>\n\n\t\n\n\t<div id=\"col-1889015997\" class=\"col medium-6 small-12 large-6\"  >\n\t\t\t\t<div class=\"col-inner text-left dark\"  >\n\t\t\t\n\t\t\t\n\n<h2>Segueix-nos en xarxes socials!<\/h2>\n <p style=\"text-align: left;\">Connecta&#8217;t amb nosaltres a les xarxes socials per mantenir-te al dia amb les nostres darreres creacions, projectes inspiradors i not\u00edcies relacionades amb el m\u00f3n del tall l\u00e0ser i la sostenibilitat<\/p>\n<div class=\"social-icons follow-icons\" ><a href=\"http:\/\/url\" target=\"_blank\" data-label=\"Facebook\" class=\"icon button circle is-outline facebook tooltip\" title=\"Seguiu-nos a Facebook\" aria-label=\"Seguiu-nos a Facebook\" rel=\"noopener nofollow\" ><i class=\"icon-facebook\" ><\/i><\/a><a href=\"http:\/\/url\" target=\"_blank\" data-label=\"Instagram\" class=\"icon button circle is-outline instagram tooltip\" title=\"Seguiu-nos a Instagram\" aria-label=\"Seguiu-nos a Instagram\" rel=\"noopener nofollow\" ><i class=\"icon-instagram\" ><\/i><\/a><a href=\"http:\/\/url\" data-label=\"Twitter\" target=\"_blank\" class=\"icon button circle is-outline twitter tooltip\" title=\"Seguiu-nos a Twitter\" aria-label=\"Seguiu-nos a Twitter\" rel=\"noopener nofollow\" ><i class=\"icon-twitter\" ><\/i><\/a><a href=\"mailto:your@email\" data-label=\"E-mail\" target=\"_blank\" class=\"icon button circle is-outline email tooltip\" title=\"Envia&#039;ns un email\" aria-label=\"Envia&#039;ns un email\" rel=\"nofollow noopener\" ><i class=\"icon-envelop\" ><\/i><\/a><\/div>\n\n\n\t\t<\/div>\n\t\t\t\t\t<\/div>\n\n\t\n\n<\/div>\n\n\t\t<\/div>\n\n\t\t\n<style>\n#section_808835539 {\n  padding-top: 59px;\n  padding-bottom: 59px;\n  min-height: 300px;\n  background-color: rgb(171, 171, 171);\n}\n#section_808835539 .section-bg-overlay {\n  background-color: rgba(0, 0, 0, 0.64);\n}\n<\/style>\n\t<\/section>\n\t\n\t<section class=\"section\" id=\"section_1854736768\">\n\t\t<div class=\"bg section-bg fill bg-fill  bg-loaded\" >\n\n\t\t\t\n\t\t\t\n\t\t\t\n\n\t\t<\/div>\n\n\t\t\n\n\t\t<div class=\"section-content relative\">\n\t\t\t\n\n\t<div id=\"gap-1863462287\" class=\"gap-element clearfix\" style=\"display:block; height:auto;\">\n\t\t\n<style>\n#gap-1863462287 {\n  padding-top: 30px;\n}\n<\/style>\n\t<\/div>\n\t\n\n<div class=\"row\"  id=\"row-1517523097\">\n\n\n\t<div id=\"col-745580888\" class=\"col medium-8 small-12 large-8\"  >\n\t\t\t\t<div class=\"col-inner\"  >\n\t\t\t\n\t\t\t\n\n<h3><strong>A punt per donar vida al teu projecte?<\/strong><\/h3>\n <p>Ja sigui que tinguis una consulta espec\u00edfica, un projecte emocionant o simplement vulguis con\u00e8ixer-nos millor, som aqu\u00ed per ajudar-te. A Retall, la nostra passi\u00f3 \u00e9s la teva visi\u00f3.<\/p>\n <p><strong> Contacta&#8217;ns avui i comencem a crear junts!<\/strong><\/p>\n\n\t\t<\/div>\n\t\t\t\t\t<\/div>\n\n\t\n\n\t<div id=\"col-2064851891\" class=\"col medium-3 small-12 large-3\"  >\n\t\t\t\t<div class=\"col-inner text-center\"  >\n\t\t\t\n\t\t\t\n\n\t<div id=\"gap-515758500\" class=\"gap-element clearfix\" style=\"display:block; height:auto;\">\n\t\t\n<style>\n#gap-515758500 {\n  padding-top: 60px;\n}\n<\/style>\n\t<\/div>\n\t\n\n<a href=\"https:\/\/retall.es\/ca\/contacte\/\" class=\"button primary is-outline is-larger\"  >\n    <span>Contacta<\/span>\n  <\/a>\n\n\n\n\t\t<\/div>\n\t\t\t\t\t<\/div>\n\n\t\n\n<\/div>\n\n\t\t<\/div>\n\n\t\t\n<style>\n#section_1854736768 {\n  padding-top: 30px;\n  padding-bottom: 30px;\n}\n<\/style>\n\t<\/section>\n\t\n\n","protected":false},"excerpt":{"rendered":"","protected":false},"author":1,"featured_media":0,"parent":0,"menu_order":0,"comment_status":"closed","ping_status":"closed","template":"page-blank.php","meta":{"footnotes":""},"class_list":["post-664","page","type-page","status-publish","hentry"],"yoast_head":"<!-- This site is optimized with the Yoast SEO plugin v27.5 - https:\/\/yoast.com\/product\/yoast-seo-wordpress\/ -->\n<title>Contacte | Assessorament t\u00e8cnic | Retall - Tall Laser a Barcelona<\/title>\n<meta name=\"robots\" content=\"index, follow, max-snippet:-1, max-image-preview:large, max-video-preview:-1\" \/>\n<link rel=\"canonical\" href=\"https:\/\/retall.es\/ca\/contacte\/\" \/>\n<meta property=\"og:locale\" content=\"ca_ES\" \/>\n<meta property=\"og:type\" content=\"article\" \/>\n<meta property=\"og:title\" content=\"Contacte | Assessorament t\u00e8cnic | Retall - Tall Laser a Barcelona\" \/>\n<meta property=\"og:url\" content=\"https:\/\/retall.es\/ca\/contacte\/\" \/>\n<meta property=\"og:site_name\" content=\"Retall\" \/>\n<meta property=\"article:modified_time\" content=\"2024-01-24T12:07:31+00:00\" \/>\n<meta name=\"twitter:card\" content=\"summary_large_image\" \/>\n<meta name=\"twitter:label1\" content=\"Temps estimat de lectura\" \/>\n\t<meta name=\"twitter:data1\" content=\"2 minuts\" \/>\n<script type=\"application\/ld+json\" class=\"yoast-schema-graph\">{\"@context\":\"https:\\\/\\\/schema.org\",\"@graph\":[{\"@type\":\"WebPage\",\"@id\":\"https:\\\/\\\/retall.es\\\/ca\\\/contacte\\\/\",\"url\":\"https:\\\/\\\/retall.es\\\/ca\\\/contacte\\\/\",\"name\":\"Contacte | Assessorament t\u00e8cnic | Retall - Tall Laser a Barcelona\",\"isPartOf\":{\"@id\":\"https:\\\/\\\/retall.es\\\/ca\\\/#website\"},\"datePublished\":\"2023-11-08T08:58:58+00:00\",\"dateModified\":\"2024-01-24T12:07:31+00:00\",\"breadcrumb\":{\"@id\":\"https:\\\/\\\/retall.es\\\/ca\\\/contacte\\\/#breadcrumb\"},\"inLanguage\":\"ca\",\"potentialAction\":[{\"@type\":\"ReadAction\",\"target\":[\"https:\\\/\\\/retall.es\\\/ca\\\/contacte\\\/\"]}]},{\"@type\":\"BreadcrumbList\",\"@id\":\"https:\\\/\\\/retall.es\\\/ca\\\/contacte\\\/#breadcrumb\",\"itemListElement\":[{\"@type\":\"ListItem\",\"position\":1,\"name\":\"Portada\",\"item\":\"https:\\\/\\\/retall.es\\\/ca\\\/retall-tall-laser-a-barcelona\\\/\"},{\"@type\":\"ListItem\",\"position\":2,\"name\":\"Contacte\"}]},{\"@type\":\"WebSite\",\"@id\":\"https:\\\/\\\/retall.es\\\/ca\\\/#website\",\"url\":\"https:\\\/\\\/retall.es\\\/ca\\\/\",\"name\":\"Retall - Laboratorio de corte laser en Barcelona\",\"description\":\"Fabricaci&oacute;n Digital - Corte laser en Barcelona\",\"publisher\":{\"@id\":\"https:\\\/\\\/retall.es\\\/ca\\\/#organization\"},\"potentialAction\":[{\"@type\":\"SearchAction\",\"target\":{\"@type\":\"EntryPoint\",\"urlTemplate\":\"https:\\\/\\\/retall.es\\\/ca\\\/?s={search_term_string}\"},\"query-input\":{\"@type\":\"PropertyValueSpecification\",\"valueRequired\":true,\"valueName\":\"search_term_string\"}}],\"inLanguage\":\"ca\"},{\"@type\":\"Organization\",\"@id\":\"https:\\\/\\\/retall.es\\\/ca\\\/#organization\",\"name\":\"Retall - Laboratorio de corte laser en Barcelona\",\"url\":\"https:\\\/\\\/retall.es\\\/ca\\\/\",\"logo\":{\"@type\":\"ImageObject\",\"inLanguage\":\"ca\",\"@id\":\"https:\\\/\\\/retall.es\\\/ca\\\/#\\\/schema\\\/logo\\\/image\\\/\",\"url\":\"https:\\\/\\\/retall.es\\\/wp-content\\\/uploads\\\/2023\\\/10\\\/RETALL_Logo.png\",\"contentUrl\":\"https:\\\/\\\/retall.es\\\/wp-content\\\/uploads\\\/2023\\\/10\\\/RETALL_Logo.png\",\"width\":342,\"height\":342,\"caption\":\"Retall - Laboratorio de corte laser en Barcelona\"},\"image\":{\"@id\":\"https:\\\/\\\/retall.es\\\/ca\\\/#\\\/schema\\\/logo\\\/image\\\/\"}}]}<\/script>\n<!-- \/ Yoast SEO plugin. -->","yoast_head_json":{"title":"Contacte | Assessorament t\u00e8cnic | Retall - Tall Laser a Barcelona","robots":{"index":"index","follow":"follow","max-snippet":"max-snippet:-1","max-image-preview":"max-image-preview:large","max-video-preview":"max-video-preview:-1"},"canonical":"https:\/\/retall.es\/ca\/contacte\/","og_locale":"ca_ES","og_type":"article","og_title":"Contacte | Assessorament t\u00e8cnic | Retall - Tall Laser a Barcelona","og_url":"https:\/\/retall.es\/ca\/contacte\/","og_site_name":"Retall","article_modified_time":"2024-01-24T12:07:31+00:00","twitter_card":"summary_large_image","twitter_misc":{"Temps estimat de lectura":"2 minuts"},"schema":{"@context":"https:\/\/schema.org","@graph":[{"@type":"WebPage","@id":"https:\/\/retall.es\/ca\/contacte\/","url":"https:\/\/retall.es\/ca\/contacte\/","name":"Contacte | Assessorament t\u00e8cnic | Retall - Tall Laser a Barcelona","isPartOf":{"@id":"https:\/\/retall.es\/ca\/#website"},"datePublished":"2023-11-08T08:58:58+00:00","dateModified":"2024-01-24T12:07:31+00:00","breadcrumb":{"@id":"https:\/\/retall.es\/ca\/contacte\/#breadcrumb"},"inLanguage":"ca","potentialAction":[{"@type":"ReadAction","target":["https:\/\/retall.es\/ca\/contacte\/"]}]},{"@type":"BreadcrumbList","@id":"https:\/\/retall.es\/ca\/contacte\/#breadcrumb","itemListElement":[{"@type":"ListItem","position":1,"name":"Portada","item":"https:\/\/retall.es\/ca\/retall-tall-laser-a-barcelona\/"},{"@type":"ListItem","position":2,"name":"Contacte"}]},{"@type":"WebSite","@id":"https:\/\/retall.es\/ca\/#website","url":"https:\/\/retall.es\/ca\/","name":"Retall - Laboratorio de corte laser en Barcelona","description":"Fabricaci&oacute;n Digital - Corte laser en Barcelona","publisher":{"@id":"https:\/\/retall.es\/ca\/#organization"},"potentialAction":[{"@type":"SearchAction","target":{"@type":"EntryPoint","urlTemplate":"https:\/\/retall.es\/ca\/?s={search_term_string}"},"query-input":{"@type":"PropertyValueSpecification","valueRequired":true,"valueName":"search_term_string"}}],"inLanguage":"ca"},{"@type":"Organization","@id":"https:\/\/retall.es\/ca\/#organization","name":"Retall - Laboratorio de corte laser en Barcelona","url":"https:\/\/retall.es\/ca\/","logo":{"@type":"ImageObject","inLanguage":"ca","@id":"https:\/\/retall.es\/ca\/#\/schema\/logo\/image\/","url":"https:\/\/retall.es\/wp-content\/uploads\/2023\/10\/RETALL_Logo.png","contentUrl":"https:\/\/retall.es\/wp-content\/uploads\/2023\/10\/RETALL_Logo.png","width":342,"height":342,"caption":"Retall - Laboratorio de corte laser en Barcelona"},"image":{"@id":"https:\/\/retall.es\/ca\/#\/schema\/logo\/image\/"}}]}},"_links":{"self":[{"href":"https:\/\/retall.es\/ca\/wp-json\/wp\/v2\/pages\/664","targetHints":{"allow":["GET"]}}],"collection":[{"href":"https:\/\/retall.es\/ca\/wp-json\/wp\/v2\/pages"}],"about":[{"href":"https:\/\/retall.es\/ca\/wp-json\/wp\/v2\/types\/page"}],"author":[{"embeddable":true,"href":"https:\/\/retall.es\/ca\/wp-json\/wp\/v2\/users\/1"}],"replies":[{"embeddable":true,"href":"https:\/\/retall.es\/ca\/wp-json\/wp\/v2\/comments?post=664"}],"version-history":[{"count":3,"href":"https:\/\/retall.es\/ca\/wp-json\/wp\/v2\/pages\/664\/revisions"}],"predecessor-version":[{"id":669,"href":"https:\/\/retall.es\/ca\/wp-json\/wp\/v2\/pages\/664\/revisions\/669"}],"wp:attachment":[{"href":"https:\/\/retall.es\/ca\/wp-json\/wp\/v2\/media?parent=664"}],"curies":[{"name":"wp","href":"https:\/\/api.w.org\/{rel}","templated":true}]}}